{"id":356,"date":"2023-04-24T23:07:40","date_gmt":"2023-04-24T20:07:40","guid":{"rendered":"https:\/\/www.trans-el.com\/?page_id=356"},"modified":"2023-06-05T16:23:17","modified_gmt":"2023-06-05T13:23:17","slug":"kvkk-aydinlatma-politikasi","status":"publish","type":"page","link":"https:\/\/www.trans-el.com\/tr\/kvkk-aydinlatma-politikasi\/","title":{"rendered":"KVKK Ayd\u0131nlatma Politikas\u0131"},"content":{"rendered":"\n<p><strong>K\u0130\u015e\u0130SEL VER\u0130LER\u0130N KORUNMASI KANUNU HAKKINDA Z\u0130YARET\u00c7\u0130 AYDINLATMA METN\u0130<\/strong><\/p>\n\n\n\n<p>T\u00fcrkiye\u2019 de kurulu, vergi m\u00fckellefi, <strong>Trans-El <\/strong>(\u201c\u015eirket\u201d veya \u201cPlatform\u201d) olarak; veri sorumlusu s\u0131fat\u0131yla, ki\u015fisel verilerinizin, i\u015flenmelerini gerektiren ama\u00e7 \u00e7er\u00e7evesinde ve bu ama\u00e7 ile ba\u011flant\u0131l\u0131, s\u0131n\u0131rl\u0131 ve \u00f6l\u00e7\u00fcl\u00fc \u015fekilde, taraf\u0131m\u0131za bildirdi\u011finiz veya bildirildi\u011fi \u015fekliyle ki\u015fisel verilerin do\u011frulu\u011funu ve en g\u00fcncel halini koruyarak, kaydedilece\u011fini, depolanaca\u011f\u0131n\u0131, muhafaza edilece\u011fini, yeniden d\u00fczenlenece\u011fini, kanunen bu ki\u015fisel verileri talep etmeye yetkili olan kurumlar ile payla\u015f\u0131laca\u011f\u0131n\u0131, yurti\u00e7i veya yurtd\u0131\u015f\u0131 \u00fc\u00e7\u00fcnc\u00fc ki\u015filere aktar\u0131laca\u011f\u0131n\u0131, devredilece\u011fini, s\u0131n\u0131fland\u0131r\u0131labilece\u011fini ve Ki\u015fisel Verileri Koruma Kanunu\u2019 nda (Bundan sonra \u201cKVKK\u201d olarak an\u0131lacakt\u0131r) say\u0131lan sair \u015fekillerde i\u015flenebilece\u011fini bildiririz;<\/p>\n\n\n\n<p>A\u015fa\u011f\u0131da belirtti\u011fimiz ve taraf\u0131m\u0131za sa\u011flad\u0131\u011f\u0131n\u0131z ki\u015fisel verilerinizin her ko\u015fulda; duruma g\u00f6re a\u015fa\u011f\u0131da belirtilen \u015fekillerde elde etti\u011fimiz ki\u015fisel verilerinizin hukuki ili\u015fkilerimiz kapsam\u0131nda,<\/p>\n\n\n\n<ul class=\"wp-block-list\">\n<li>\u0130\u015flenmelerini gerektiren ama\u00e7 \u00e7er\u00e7evesinde ve bu ama\u00e7la ba\u011flant\u0131l\u0131, s\u0131n\u0131rl\u0131 ve \u00f6l\u00e7\u00fcl\u00fc \u015fekilde,<\/li>\n\n\n\n<li>Taraf\u0131m\u0131za bildirdi\u011finiz veya bildirildi\u011fi \u015fekliyle ki\u015fisel verilerin do\u011frulu\u011funu ve en g\u00fcncel halini koruyarak,<\/li>\n\n\n\n<li>Kaydedilece\u011fini, depolanaca\u011f\u0131n\u0131, muhafaza edilece\u011fini, yeniden d\u00fczenlenece\u011fini, kanunen bu ki\u015fisel verileri talep etmeye yetkili olan kurumlar ile payla\u015f\u0131laca\u011f\u0131n\u0131 ve KVKK\u2019n\u0131n \u00f6ng\u00f6rd\u00fc\u011f\u00fc \u015fartlarda, yurti\u00e7inde \u00fc\u00e7\u00fcnc\u00fc ki\u015filere aktar\u0131laca\u011f\u0131n\u0131, devredilece\u011fini, s\u0131n\u0131fland\u0131r\u0131labilece\u011fini ve KVKK\u2019da say\u0131lan sair \u015fekillerde i\u015flenebilece\u011fini bildiririz.<\/li>\n<\/ul>\n\n\n\n<p><strong>HANG\u0130 K\u0130\u015e\u0130SEL VER\u0130LER\u0130N\u0130Z\u0130 \u0130\u015eL\u0130YORUZ?<\/strong><\/p>\n\n\n\n<p>Ki\u015fisel verilerini elde etti\u011fimiz ve i\u015fledi\u011fimiz ziyaret\u00e7i iseniz, elde etti\u011fimiz ve i\u015fledi\u011fimiz ki\u015fisel verileriniz a\u015fa\u011f\u0131daki gibidir:<\/p>\n\n\n\n<ul class=\"wp-block-list\">\n<li>Ziyaret\u00e7i g\u00f6rsel verisi; Kapal\u0131 devre g\u00fcvenlik kameras\u0131 g\u00f6r\u00fcnt\u00fcleri<\/li>\n\n\n\n<li>Di\u011fer ziyaret\u00e7i verileri; Ara\u00e7 bilgileri, \u00e7al\u0131\u015ft\u0131\u011f\u0131 kurum ve \u00fcnvan\u0131<\/li>\n<\/ul>\n\n\n\n<p><strong>K\u0130\u015e\u0130SEL VER\u0130LER\u0130N\u0130Z\u0130 NE \u015eEK\u0130LDE VE HANG\u0130 SEBEPLERLE TOPLUYORUZ?<\/strong><\/p>\n\n\n\n<p>\u015eirket\u2019imizi ziyarete geldi\u011finizde, \u015eirket\u2019in i\u015fyeri g\u00fcvenli\u011fi sa\u011flamaya y\u00f6nelik hukuki y\u00fck\u00fcml\u00fcl\u00fc\u011f\u00fc ve me\u015fru menfaati gere\u011fi, \u015eirket\u2019e yerle\u015ftirdi\u011fimiz kameralar arac\u0131l\u0131\u011f\u0131yla g\u00f6rsel verilerinizi ve taraf\u0131n\u0131zdan talep edilen ki\u015fisel verilerinizi bize s\u00f6zl\u00fc veya fiziksel ortamda iletmeniz yoluyla topluyoruz.<\/p>\n\n\n\n<p><strong>K\u0130\u015e\u0130SEL VER\u0130LER\u0130N\u0130Z\u0130 HANG\u0130 AMA\u00c7LARLA \u0130\u015eL\u0130YORUZ?<\/strong><\/p>\n\n\n\n<p>Taraf\u0131m\u0131zca hukuka uygun olarak edinilen ki\u015fisel verileriniz \u015eirket\u2019in me\u015fru menfaatleri kapsam\u0131nda haklar\u0131n\u0131za zarar vermeden \u015eirket taraf\u0131ndan a\u015fa\u011f\u0131da belirtilen ama\u00e7 ve sebeplerle i\u015flenmektedir:<\/p>\n\n\n\n<p>Ziyaret\u00e7ilerin takibinin yap\u0131lmas\u0131<br>Ki\u015fisel verileriniz, ilgili mevzuatta belirtilen veya i\u015flendikleri ama\u00e7 i\u00e7in gerekli olan azami s\u00fcre ve herhalde kanuni zamana\u015f\u0131m\u0131 s\u00fcreleri kadar muhafaza edilecektir. Muhafaza s\u00fcresi ki\u015fisel veri kategorilerine ve i\u015fleme ama\u00e7lar\u0131na g\u00f6re de\u011fi\u015fiklik g\u00f6sterebilir. Ki\u015fisel verilerinizin saklama s\u00fcresi ve imhas\u0131yla ilgili detayl\u0131 bilgi almak i\u00e7in taraf\u0131m\u0131zla ba\u011flant\u0131ya ge\u00e7ebilirsiniz.<\/p>\n\n\n\n<p><strong>K\u0130\u015e\u0130SEL VER\u0130LER\u0130N\u0130Z\u0130 NERELERE AKTARIYORUZ?<\/strong><\/p>\n\n\n\n<p>Verileriniz ilgisiz \u00fc\u00e7\u00fcnc\u00fc ki\u015filerle payla\u015f\u0131lmamaktad\u0131r. \u0130\u015fyeri bina y\u00f6netimi taraf\u0131ndan yerle\u015ftirilen kameralardaki g\u00f6r\u00fcnt\u00fc kay\u0131tlar\u0131n\u0131z ve bina y\u00f6netimine verdi\u011finiz kimlik bilgileriniz veri sorumlusu s\u0131fat\u0131yla i\u015fyeri bina y\u00f6netimi taraf\u0131ndan tutulmakta ve i\u015flenmektedir.<\/p>\n\n\n\n<p><strong>HAKLARINIZ<\/strong><\/p>\n\n\n\n<p>KVKK\u2019n\u0131n 11. maddesi gere\u011fi bize \u015fahsen, kimli\u011finizi ispat etmeniz kayd\u0131yla, ki\u015fisel verileriniz ile ilgili;<\/p>\n\n\n\n<ul class=\"wp-block-list\">\n<li>Hakk\u0131n\u0131zda ki\u015fisel veri i\u015fleyip i\u015flemedi\u011fimizi \u00f6\u011frenebilir, e\u011fer i\u015fliyorsak veya i\u015flemi\u015fsek, buna ili\u015fkin bilgi talep edebilirsiniz.<\/li>\n\n\n\n<li>Ki\u015fisel verilerinizin i\u015flenme amac\u0131n\u0131 ve bunlar\u0131n amac\u0131na uygun kullan\u0131l\u0131p kullan\u0131lmad\u0131\u011f\u0131 \u00f6\u011frenebilirsiniz.<\/li>\n\n\n\n<li>Ki\u015fisel verilerinizin yurt i\u00e7i veya yurt d\u0131\u015f\u0131na aktar\u0131l\u0131p aktar\u0131lmad\u0131\u011f\u0131n\u0131 ve kimlere aktar\u0131ld\u0131\u011f\u0131n\u0131 \u00f6\u011frenebilirsiniz.<\/li>\n\n\n\n<li>Yanl\u0131\u015f ve eksik ki\u015fisel verilerinizin d\u00fczeltilmesini ve bu verilerin aktar\u0131ld\u0131\u011f\u0131 veya aktar\u0131lm\u0131\u015f olabilece\u011fi al\u0131c\u0131lar\u0131n bilgilendirilmesini talep edebilirsiniz.<\/li>\n\n\n\n<li>Ki\u015fisel verilerinizin KVKK madde 7\u2019de \u00f6ng\u00f6r\u00fclen \u015fartlar \u00e7er\u00e7evesinde imha edilmesini (silinmesini, yok edilmesini veya anonim hale getirilmesini) talep edebilirsiniz. Ancak imha talebinizi de\u011ferlendirerek hangi y\u00f6ntemin uygun oldu\u011fu somut olay\u0131n ko\u015fullar\u0131na g\u00f6re taraf\u0131m\u0131zca de\u011ferlendirilecektir. Bu ba\u011flamda se\u00e7ti\u011fimiz imha y\u00f6ntemini neden se\u00e7ti\u011fimiz ile ilgili bizden her zaman bilgi talep edebilirsiniz.<\/li>\n\n\n\n<li>Ki\u015fisel verilerinizin aktar\u0131ld\u0131\u011f\u0131 veya aktar\u0131labilece\u011fi \u00fc\u00e7\u00fcnc\u00fc ki\u015filerin s\u00f6z konusu imha talebiniz ile ilgili bilgilendirilmesini talep edebilirsiniz.<\/li>\n\n\n\n<li>M\u00fcnhas\u0131ran bir otomatik sistem kullan\u0131larak olu\u015fturulmu\u015f ki\u015fisel veri analizinizin sonu\u00e7lar\u0131na bu sonu\u00e7lar \u00e7\u0131karlar\u0131n\u0131za ayk\u0131r\u0131ysa itiraz edebilirsiniz.<\/li>\n\n\n\n<li>Ki\u015fisel verilerinizin kanuna ayk\u0131r\u0131 olarak i\u015flenmesi sebebiyle zarara u\u011framan\u0131z halinde zarar\u0131n giderilmesini talep edebilirsiniz.<\/li>\n<\/ul>\n\n\n\n<p>Ba\u015fvurunuzda yer alan talepleriniz, talebin niteli\u011fine g\u00f6re en ge\u00e7 otuz g\u00fcn i\u00e7inde \u00fccretsiz olarak sonu\u00e7land\u0131r\u0131lacakt\u0131r. Ancak, i\u015flemin \u015eirket i\u00e7in ayr\u0131ca bir maliyeti gerektirmesi h\u00e2linde, Ki\u015fisel Verileri Koruma Kurulu taraf\u0131ndan Veri Sorumlusuna Ba\u015fvuru Usul Ve Esaslar\u0131 Hakk\u0131nda Tebli\u011f\u2019de belirlenen tarifedeki \u00fccret al\u0131nabilir.<\/p>\n\n\n\n<p>Ki\u015fisel verilerinizin i\u015flenmesi ile ilgili hususlarda ba\u015fvurunuzu \u015eirketin internet adresinde bulunan ba\u015fvuru formunu doldurarak veya Veri Sorumlusuna Ba\u015fvuru Usul Ve Esaslar\u0131 Hakk\u0131nda Tebli\u011f \u2019in 5. maddesinde \u015fartlara uymak kayd\u0131yla a\u015fa\u011f\u0131daki \u015fekillerde yapabilirsiniz:<\/p>\n\n\n\n<ul class=\"wp-block-list\">\n<li>Yaz\u0131l\u0131 ve imzal\u0131 olarak<\/li>\n\n\n\n<li>Kay\u0131tl\u0131 elektronik posta (KEP) adresinizden g\u00f6nderece\u011finiz e-posta ile<\/li>\n\n\n\n<li>G\u00fcvenli elektronik imza veya mobil imza ile<\/li>\n<\/ul>\n\n\n\n<p>Ba\u015fvurunuzu kolayla\u015ft\u0131rabilmek ad\u0131na mail g\u00f6nderebilirsiniz.<\/p>\n\n\n\n<p>\u015eirket taraf\u0131ndan talebinizin niteli\u011fine ve ba\u015fvuru y\u00f6nteminize g\u00f6re \u015eirket taraf\u0131ndan ba\u015fvurunun size ait olup olmad\u0131\u011f\u0131n\u0131n belirlenmesi ve b\u00f6ylece haklar\u0131n\u0131z\u0131 koruyabilmek amac\u0131yla ek do\u011frulamalar (kay\u0131tl\u0131 telefonunuza mesaj g\u00f6nderilmesi, aranman\u0131z gibi) isteyebiliriz. \u00d6rne\u011fin \u015eirkette kay\u0131tl\u0131 olan e-posta adresiniz arac\u0131l\u0131\u011f\u0131yla ba\u015fvuru yapman\u0131z halinde \u015eirkette kay\u0131tl\u0131 ba\u015fka bir ileti\u015fim y\u00f6ntemini kullanarak size ula\u015fabilir ve ba\u015fvurunun size ait olup olmad\u0131\u011f\u0131n\u0131n teyidini isteyebiliriz.<\/p>\n\n\n\n<p><strong>\u0130LET\u0130\u015e\u0130M B\u0130LG\u0130LER\u0130<\/strong><\/p>\n\n\n\n<p><strong>Adres<\/strong>: 1.Organize Sanayi B\u00f6lgesi 104.Cad. N:8\/1 &#8211; \u015eANLIURFA\/T\u00dcRK\u0130YE<\/p>\n\n\n\n<p><strong>Mail :<\/strong> trans-el@hs01.kep.tr  , trans-el@trans-el.com<\/p>\n\n\n\n<p><strong>\u0130leti\u015fim :<\/strong> +90 505 204 88 30<\/p>\n","protected":false},"excerpt":{"rendered":"K\u0130\u015e\u0130SEL VER\u0130LER\u0130N KORUNMASI KANUNU HAKKINDA Z\u0130YARET\u00c7\u0130 AYDINLATMA METN\u0130 T\u00fcrkiye\u2019 de kurulu, vergi m\u00fckellefi, Trans-El (\u201c\u015eirket\u201d veya \u201cPlatform\u201d) olarak; veri sorumlusu s\u0131fat\u0131yla, ki\u015fisel verilerinizin, i\u015flenmelerini gerektiren ama\u00e7 \u00e7er\u00e7evesinde ve bu ama\u00e7 ile ba\u011flant\u0131l\u0131, s\u0131n\u0131rl\u0131 ve \u00f6l\u00e7\u00fcl\u00fc \u015fekilde, taraf\u0131m\u0131za bildirdi\u011finiz veya bildirildi\u011fi \u015fekliyle ki\u015fisel verilerin do\u011frulu\u011funu ve en g\u00fcncel halini koruyarak, kaydedilece\u011fini, depolanaca\u011f\u0131n\u0131, muhafaza edilece\u011fini, yeniden d\u00fczenlenece\u011fini, [&hellip;]","protected":false},"author":1,"featured_media":0,"parent":0,"menu_order":12,"comment_status":"closed","ping_status":"closed","template":"","meta":{"footnotes":""},"class_list":["post-356","page","type-page","status-publish","hentry"],"yoast_head":"<!-- This site is optimized with the Yoast SEO plugin v23.8 - https:\/\/yoast.com\/wordpress\/plugins\/seo\/ -->\n<title>KVKK Ayd\u0131nlatma Politikas\u0131 - TRANS-EL Transformat\u00f6r<\/title>\n<meta name=\"robots\" content=\"index, follow, max-snippet:-1, max-image-preview:large, max-video-preview:-1\" \/>\n<link rel=\"canonical\" href=\"https:\/\/www.trans-el.com\/tr\/kvkk-aydinlatma-politikasi\/\" \/>\n<meta property=\"og:locale\" content=\"tr_TR\" \/>\n<meta property=\"og:type\" content=\"article\" \/>\n<meta property=\"og:title\" content=\"KVKK Ayd\u0131nlatma Politikas\u0131 - TRANS-EL Transformat\u00f6r\" \/>\n<meta property=\"og:description\" content=\"K\u0130\u015e\u0130SEL VER\u0130LER\u0130N KORUNMASI KANUNU HAKKINDA Z\u0130YARET\u00c7\u0130 AYDINLATMA METN\u0130 T\u00fcrkiye\u2019 de kurulu, vergi m\u00fckellefi, Trans-El (\u201c\u015eirket\u201d veya \u201cPlatform\u201d) olarak; veri sorumlusu s\u0131fat\u0131yla, ki\u015fisel verilerinizin, i\u015flenmelerini gerektiren ama\u00e7 \u00e7er\u00e7evesinde ve bu ama\u00e7 ile ba\u011flant\u0131l\u0131, s\u0131n\u0131rl\u0131 ve \u00f6l\u00e7\u00fcl\u00fc \u015fekilde, taraf\u0131m\u0131za bildirdi\u011finiz veya bildirildi\u011fi \u015fekliyle ki\u015fisel verilerin do\u011frulu\u011funu ve en g\u00fcncel halini koruyarak, kaydedilece\u011fini, depolanaca\u011f\u0131n\u0131, muhafaza edilece\u011fini, yeniden d\u00fczenlenece\u011fini, [&hellip;]\" \/>\n<meta property=\"og:url\" content=\"https:\/\/www.trans-el.com\/tr\/kvkk-aydinlatma-politikasi\/\" \/>\n<meta property=\"og:site_name\" content=\"TRANS-EL Transformat\u00f6r\" \/>\n<meta property=\"article:modified_time\" content=\"2023-06-05T13:23:17+00:00\" \/>\n<meta name=\"twitter:card\" content=\"summary_large_image\" \/>\n<meta name=\"twitter:label1\" content=\"Tahmini okuma s\u00fcresi\" \/>\n\t<meta name=\"twitter:data1\" content=\"5 dakika\" \/>\n<script type=\"application\/ld+json\" class=\"yoast-schema-graph\">{\"@context\":\"https:\/\/schema.org\",\"@graph\":[{\"@type\":\"WebPage\",\"@id\":\"https:\/\/www.trans-el.com\/tr\/kvkk-aydinlatma-politikasi\/\",\"url\":\"https:\/\/www.trans-el.com\/tr\/kvkk-aydinlatma-politikasi\/\",\"name\":\"KVKK Ayd\u0131nlatma Politikas\u0131 - TRANS-EL Transformat\u00f6r\",\"isPartOf\":{\"@id\":\"https:\/\/www.trans-el.com\/tr\/#website\"},\"datePublished\":\"2023-04-24T20:07:40+00:00\",\"dateModified\":\"2023-06-05T13:23:17+00:00\",\"breadcrumb\":{\"@id\":\"https:\/\/www.trans-el.com\/tr\/kvkk-aydinlatma-politikasi\/#breadcrumb\"},\"inLanguage\":\"tr\",\"potentialAction\":[{\"@type\":\"ReadAction\",\"target\":[\"https:\/\/www.trans-el.com\/tr\/kvkk-aydinlatma-politikasi\/\"]}]},{\"@type\":\"BreadcrumbList\",\"@id\":\"https:\/\/www.trans-el.com\/tr\/kvkk-aydinlatma-politikasi\/#breadcrumb\",\"itemListElement\":[{\"@type\":\"ListItem\",\"position\":1,\"name\":\"Anasayfa\",\"item\":\"https:\/\/www.trans-el.com\/tr\/\"},{\"@type\":\"ListItem\",\"position\":2,\"name\":\"KVKK Ayd\u0131nlatma Politikas\u0131\"}]},{\"@type\":\"WebSite\",\"@id\":\"https:\/\/www.trans-el.com\/tr\/#website\",\"url\":\"https:\/\/www.trans-el.com\/tr\/\",\"name\":\"TRANS-EL Transformat\u00f6r\",\"description\":\"Y\u00fcksek Gerilim Trafosu\",\"potentialAction\":[{\"@type\":\"SearchAction\",\"target\":{\"@type\":\"EntryPoint\",\"urlTemplate\":\"https:\/\/www.trans-el.com\/tr\/?s={search_term_string}\"},\"query-input\":{\"@type\":\"PropertyValueSpecification\",\"valueRequired\":true,\"valueName\":\"search_term_string\"}}],\"inLanguage\":\"tr\"}]}<\/script>\n<!-- \/ Yoast SEO plugin. -->","yoast_head_json":{"title":"KVKK Ayd\u0131nlatma Politikas\u0131 - TRANS-EL Transformat\u00f6r","robots":{"index":"index","follow":"follow","max-snippet":"max-snippet:-1","max-image-preview":"max-image-preview:large","max-video-preview":"max-video-preview:-1"},"canonical":"https:\/\/www.trans-el.com\/tr\/kvkk-aydinlatma-politikasi\/","og_locale":"tr_TR","og_type":"article","og_title":"KVKK Ayd\u0131nlatma Politikas\u0131 - TRANS-EL Transformat\u00f6r","og_description":"K\u0130\u015e\u0130SEL VER\u0130LER\u0130N KORUNMASI KANUNU HAKKINDA Z\u0130YARET\u00c7\u0130 AYDINLATMA METN\u0130 T\u00fcrkiye\u2019 de kurulu, vergi m\u00fckellefi, Trans-El (\u201c\u015eirket\u201d veya \u201cPlatform\u201d) olarak; veri sorumlusu s\u0131fat\u0131yla, ki\u015fisel verilerinizin, i\u015flenmelerini gerektiren ama\u00e7 \u00e7er\u00e7evesinde ve bu ama\u00e7 ile ba\u011flant\u0131l\u0131, s\u0131n\u0131rl\u0131 ve \u00f6l\u00e7\u00fcl\u00fc \u015fekilde, taraf\u0131m\u0131za bildirdi\u011finiz veya bildirildi\u011fi \u015fekliyle ki\u015fisel verilerin do\u011frulu\u011funu ve en g\u00fcncel halini koruyarak, kaydedilece\u011fini, depolanaca\u011f\u0131n\u0131, muhafaza edilece\u011fini, yeniden d\u00fczenlenece\u011fini, [&hellip;]","og_url":"https:\/\/www.trans-el.com\/tr\/kvkk-aydinlatma-politikasi\/","og_site_name":"TRANS-EL Transformat\u00f6r","article_modified_time":"2023-06-05T13:23:17+00:00","twitter_card":"summary_large_image","twitter_misc":{"Tahmini okuma s\u00fcresi":"5 dakika"},"schema":{"@context":"https:\/\/schema.org","@graph":[{"@type":"WebPage","@id":"https:\/\/www.trans-el.com\/tr\/kvkk-aydinlatma-politikasi\/","url":"https:\/\/www.trans-el.com\/tr\/kvkk-aydinlatma-politikasi\/","name":"KVKK Ayd\u0131nlatma Politikas\u0131 - TRANS-EL Transformat\u00f6r","isPartOf":{"@id":"https:\/\/www.trans-el.com\/tr\/#website"},"datePublished":"2023-04-24T20:07:40+00:00","dateModified":"2023-06-05T13:23:17+00:00","breadcrumb":{"@id":"https:\/\/www.trans-el.com\/tr\/kvkk-aydinlatma-politikasi\/#breadcrumb"},"inLanguage":"tr","potentialAction":[{"@type":"ReadAction","target":["https:\/\/www.trans-el.com\/tr\/kvkk-aydinlatma-politikasi\/"]}]},{"@type":"BreadcrumbList","@id":"https:\/\/www.trans-el.com\/tr\/kvkk-aydinlatma-politikasi\/#breadcrumb","itemListElement":[{"@type":"ListItem","position":1,"name":"Anasayfa","item":"https:\/\/www.trans-el.com\/tr\/"},{"@type":"ListItem","position":2,"name":"KVKK Ayd\u0131nlatma Politikas\u0131"}]},{"@type":"WebSite","@id":"https:\/\/www.trans-el.com\/tr\/#website","url":"https:\/\/www.trans-el.com\/tr\/","name":"TRANS-EL Transformat\u00f6r","description":"Y\u00fcksek Gerilim Trafosu","potentialAction":[{"@type":"SearchAction","target":{"@type":"EntryPoint","urlTemplate":"https:\/\/www.trans-el.com\/tr\/?s={search_term_string}"},"query-input":{"@type":"PropertyValueSpecification","valueRequired":true,"valueName":"search_term_string"}}],"inLanguage":"tr"}]}},"_links":{"self":[{"href":"https:\/\/www.trans-el.com\/tr\/wp-json\/wp\/v2\/pages\/356","targetHints":{"allow":["GET"]}}],"collection":[{"href":"https:\/\/www.trans-el.com\/tr\/wp-json\/wp\/v2\/pages"}],"about":[{"href":"https:\/\/www.trans-el.com\/tr\/wp-json\/wp\/v2\/types\/page"}],"author":[{"embeddable":true,"href":"https:\/\/www.trans-el.com\/tr\/wp-json\/wp\/v2\/users\/1"}],"replies":[{"embeddable":true,"href":"https:\/\/www.trans-el.com\/tr\/wp-json\/wp\/v2\/comments?post=356"}],"version-history":[{"count":5,"href":"https:\/\/www.trans-el.com\/tr\/wp-json\/wp\/v2\/pages\/356\/revisions"}],"predecessor-version":[{"id":988,"href":"https:\/\/www.trans-el.com\/tr\/wp-json\/wp\/v2\/pages\/356\/revisions\/988"}],"wp:attachment":[{"href":"https:\/\/www.trans-el.com\/tr\/wp-json\/wp\/v2\/media?parent=356"}],"curies":[{"name":"wp","href":"https:\/\/api.w.org\/{rel}","templated":true}]}}